{"id":3348,"date":"2018-02-19T12:22:27","date_gmt":"2018-02-19T12:22:27","guid":{"rendered":"https:\/\/trinitystrasbourg.org?page_id=3348"},"modified":"2022-10-08T20:42:57","modified_gmt":"2022-10-08T20:42:57","slug":"qui-sommes-nous","status":"publish","type":"page","link":"https:\/\/trinitystrasbourg.org\/fr\/qui-sommes-nous","title":{"rendered":"Qui sommes-nous?"},"content":{"rendered":"<p><div class=\"fusion-fullwidth fullwidth-box fusion-builder-row-1 nonhundred-percent-fullwidth non-hundred-percent-height-scrolling fusion-equal-height-columns\" style=\"--awb-background-position:left top;--awb-border-sizes-top:0px;--awb-border-sizes-bottom:0px;--awb-border-sizes-left:0px;--awb-border-sizes-right:0px;--awb-border-radius-top-left:0px;--awb-border-radius-top-right:0px;--awb-border-radius-bottom-right:0px;--awb-border-radius-bottom-left:0px;--awb-padding-top:0px;--awb-padding-right:0px;--awb-padding-bottom:0px;--awb-padding-left:0px;--awb-background-color:rgba(255,255,255,0.45);--awb-flex-wrap:wrap;\" ><div class=\"fusion-builder-row fusion-row\"><div class=\"fusion-layout-column fusion_builder_column fusion-builder-column-0 fusion_builder_column_1_1 1_1 fusion-one-full fusion-column-first fusion-column-last\" style=\"--awb-padding-top:0px;--awb-padding-right:20px;--awb-padding-left:20px;--awb-bg-size:cover;\"><div class=\"fusion-column-wrapper fusion-flex-column-wrapper-legacy\"><div class=\"fusion-sep-clear\"><\/div><div class=\"fusion-separator fusion-full-width-sep\" style=\"margin-left: auto;margin-right: auto;margin-top:40px;margin-bottom:40px;width:100%;\"><div class=\"fusion-separator-border sep-single sep-solid\" style=\"--awb-height:20px;--awb-amount:20px;--awb-sep-color:#ffffff;border-color:#ffffff;border-top-width:2px;\"><\/div><\/div><div class=\"fusion-sep-clear\"><\/div><div class=\"fusion-text fusion-text-1\"><h2 id=\"believe\" style=\"text-align: center;\">Confession de foi<\/h2>\n<\/div><div class=\"fusion-tabs fusion-tabs-1 classic nav-is-justified .fusion-tabs li.active a { color: #8bc3c0 !important; } horizontal-tabs icon-position-left mobile-mode-accordion\" style=\"--awb-title-border-radius-top-left:0px;--awb-title-border-radius-top-right:0px;--awb-title-border-radius-bottom-right:0px;--awb-title-border-radius-bottom-left:0px;--awb-inactive-color:#ffffff;--awb-background-color:#bddddb;--awb-border-color:#f4f4f4;--awb-active-border-color:#ffbd4a;\" id=\".fusion-tabs li.active a { color: #8bc3c0 !important; }\"><div class=\"nav\"><ul class=\"nav-tabs nav-justified\" role=\"tablist\"><li class=\"active\" role=\"presentation\"><a class=\"tab-link\" data-toggle=\"tab\" role=\"tab\" aria-controls=\"tab-c93ef1c5f379c6f9760\" aria-selected=\"true\" id=\"fusion-tab-1.latrinit\u00c9\" href=\"#tab-c93ef1c5f379c6f9760\"><h4 class=\"fusion-tab-heading\">1. LA TRINIT\u00c9<\/h4><\/a><\/li><li role=\"presentation\"><a class=\"tab-link\" data-toggle=\"tab\" role=\"tab\" aria-controls=\"tab-6cd598b01051e668020\" aria-selected=\"false\" tabindex=\"-1\" id=\"fusion-tab-2.j\u00c9suschrist\" href=\"#tab-6cd598b01051e668020\"><h4 class=\"fusion-tab-heading\">2. J\u00c9SUS CHRIST<\/h4><\/a><\/li><li role=\"presentation\"><a class=\"tab-link\" data-toggle=\"tab\" role=\"tab\" aria-controls=\"tab-3550b3ba6c354cde0af\" aria-selected=\"false\" tabindex=\"-1\" id=\"fusion-tab-3.lesaint-esprit\" href=\"#tab-3550b3ba6c354cde0af\"><h4 class=\"fusion-tab-heading\">3. LE SAINT-ESPRIT<\/h4><\/a><\/li><li role=\"presentation\"><a class=\"tab-link\" data-toggle=\"tab\" role=\"tab\" aria-controls=\"tab-0b6598def5b3756553e\" aria-selected=\"false\" tabindex=\"-1\" id=\"fusion-tab-4.labible\" href=\"#tab-0b6598def5b3756553e\"><h4 class=\"fusion-tab-heading\">4. LA BIBLE<\/h4><\/a><\/li><li role=\"presentation\"><a class=\"tab-link\" data-toggle=\"tab\" role=\"tab\" aria-controls=\"tab-52788ab9e1cc2a0730c\" aria-selected=\"false\" tabindex=\"-1\" id=\"fusion-tab-5.laconditionhumaine\" href=\"#tab-52788ab9e1cc2a0730c\"><h4 class=\"fusion-tab-heading\">5. LA CONDITION HUMAINE<\/h4><\/a><\/li><li role=\"presentation\"><a class=\"tab-link\" data-toggle=\"tab\" role=\"tab\" aria-controls=\"tab-7f47220cf8c5a1ce595\" aria-selected=\"false\" tabindex=\"-1\" id=\"fusion-tab-6.lesalut\" href=\"#tab-7f47220cf8c5a1ce595\"><h4 class=\"fusion-tab-heading\">6. LE SALUT<\/h4><\/a><\/li><\/ul><\/div><div class=\"tab-content\"><div class=\"nav fusion-mobile-tab-nav\"><ul class=\"nav-tabs nav-justified\" role=\"tablist\"><li class=\"active\" role=\"presentation\"><a class=\"tab-link\" data-toggle=\"tab\" role=\"tab\" aria-controls=\"tab-c93ef1c5f379c6f9760\" aria-selected=\"true\" id=\"mobile-fusion-tab-1.latrinit\u00c9\" href=\"#tab-c93ef1c5f379c6f9760\"><h4 class=\"fusion-tab-heading\">1. LA TRINIT\u00c9<\/h4><\/a><\/li><\/ul><\/div><div class=\"tab-pane fade fusion-clearfix in active\" role=\"tabpanel\" tabindex=\"0\" aria-labelledby=\"fusion-tab-1.latrinit\u00c9\" id=\"tab-c93ef1c5f379c6f9760\">\n<p style=\"padding-left: 30px;\">Il y a de toute \u00e9ternit\u00e9 un seul Dieu en trois personnes : le P\u00e8re, le Fils, le Saint-Esprit. Il est parfait et infini \u00e0 tous \u00e9gards.<\/p>\n<\/div><div class=\"nav fusion-mobile-tab-nav\"><ul class=\"nav-tabs nav-justified\" role=\"tablist\"><li role=\"presentation\"><a class=\"tab-link\" data-toggle=\"tab\" role=\"tab\" aria-controls=\"tab-6cd598b01051e668020\" aria-selected=\"false\" tabindex=\"-1\" id=\"mobile-fusion-tab-2.j\u00c9suschrist\" href=\"#tab-6cd598b01051e668020\"><h4 class=\"fusion-tab-heading\">2. J\u00c9SUS CHRIST<\/h4><\/a><\/li><\/ul><\/div><div class=\"tab-pane fade fusion-clearfix\" role=\"tabpanel\" tabindex=\"0\" aria-labelledby=\"fusion-tab-2.j\u00c9suschrist\" id=\"tab-6cd598b01051e668020\">\n<p style=\"padding-left: 30px; text-align: justify;\">J\u00e9sus-Christ est \u00e0 la fois vrai Dieu et vrai homme. Il a \u00e9t\u00e9 con\u00e7u du Saint-Esprit et Il est n\u00e9 de la vierge Marie. Il est mort en sacrifice sur la croix, en se substituant Lui juste pour les injustes. Tous ceux qui croient en Lui sont justifi\u00e9s par son sang r\u00e9pandu. Il est ressuscit\u00e9 des morts le troisi\u00e8me jour selon les Ecritures. Il est notre souverain sacrificateur, et comme tel il si\u00e8ge maintenant \u00e0 la droite de la Majest\u00e9 divine. Il reviendra pour \u00e9tablir son royaume de justice et de paix.<\/p>\n<\/div><div class=\"nav fusion-mobile-tab-nav\"><ul class=\"nav-tabs nav-justified\" role=\"tablist\"><li role=\"presentation\"><a class=\"tab-link\" data-toggle=\"tab\" role=\"tab\" aria-controls=\"tab-3550b3ba6c354cde0af\" aria-selected=\"false\" tabindex=\"-1\" id=\"mobile-fusion-tab-3.lesaint-esprit\" href=\"#tab-3550b3ba6c354cde0af\"><h4 class=\"fusion-tab-heading\">3. LE SAINT-ESPRIT<\/h4><\/a><\/li><\/ul><\/div><div class=\"tab-pane fade fusion-clearfix\" role=\"tabpanel\" tabindex=\"0\" aria-labelledby=\"fusion-tab-3.lesaint-esprit\" id=\"tab-3550b3ba6c354cde0af\">\n<p style=\"text-align: left; padding-left: 30px;\">Le Saint-Esprit est une personne divine, envoy\u00e9e pour demeurer dans le croyant, pour le guider, l&#8217;enseigner, lui donner de la puissance et pour convaincre le monde de p\u00e9ch\u00e9, de justice et de jugement.<\/p>\n<\/div><div class=\"nav fusion-mobile-tab-nav\"><ul class=\"nav-tabs nav-justified\" role=\"tablist\"><li role=\"presentation\"><a class=\"tab-link\" data-toggle=\"tab\" role=\"tab\" aria-controls=\"tab-0b6598def5b3756553e\" aria-selected=\"false\" tabindex=\"-1\" id=\"mobile-fusion-tab-4.labible\" href=\"#tab-0b6598def5b3756553e\"><h4 class=\"fusion-tab-heading\">4. LA BIBLE<\/h4><\/a><\/li><\/ul><\/div><div class=\"tab-pane fade fusion-clearfix\" role=\"tabpanel\" tabindex=\"0\" aria-labelledby=\"fusion-tab-4.labible\" id=\"tab-0b6598def5b3756553e\">\n<p style=\"text-align: left; padding-left: 30px;\">L&#8217;Ancien et le Nouveau Testament, sans erreur dans leur r\u00e9daction originelle, ont \u00e9t\u00e9 inspir\u00e9s verbalement par Dieu, et sont la r\u00e9v\u00e9lation compl\u00e8te de sa volont\u00e9 pour le salut des hommes. Ils constituent la divine et seule r\u00e8gle du chr\u00e9tien en mati\u00e8re de foi et de vie.<\/p>\n<\/div><div class=\"nav fusion-mobile-tab-nav\"><ul class=\"nav-tabs nav-justified\" role=\"tablist\"><li role=\"presentation\"><a class=\"tab-link\" data-toggle=\"tab\" role=\"tab\" aria-controls=\"tab-52788ab9e1cc2a0730c\" aria-selected=\"false\" tabindex=\"-1\" id=\"mobile-fusion-tab-5.laconditionhumaine\" href=\"#tab-52788ab9e1cc2a0730c\"><h4 class=\"fusion-tab-heading\">5. LA CONDITION HUMAINE<\/h4><\/a><\/li><\/ul><\/div><div class=\"tab-pane fade fusion-clearfix\" role=\"tabpanel\" tabindex=\"0\" aria-labelledby=\"fusion-tab-5.laconditionhumaine\" id=\"tab-52788ab9e1cc2a0730c\">\n<p style=\"text-align: left; padding-left: 30px;\">L&#8217;homme fut originellement cr\u00e9\u00e9 \u00e0 l&#8217;image et \u00e0 la ressemblance de Dieu. Sa d\u00e9sob\u00e9issance entra\u00eena sa chute, et il encourut ainsi la mort physique et spirituelle. Tous les hommes naissent avec une nature p\u00e9cheresse, sont s\u00e9par\u00e9s de la vie de Dieu et ne peuvent \u00eatre sauv\u00e9s que par l&#8217;\u0153uvre expiatoire du Seigneur J\u00e9sus. Le sort des imp\u00e9nitents et des incroyants est une existence consciente dans un \u00e9ternel tourment ; celui du croyant une joie et une f\u00e9licit\u00e9 \u00e9ternelles.<\/p>\n<\/div><div class=\"nav fusion-mobile-tab-nav\"><ul class=\"nav-tabs nav-justified\" role=\"tablist\"><li role=\"presentation\"><a class=\"tab-link\" data-toggle=\"tab\" role=\"tab\" aria-controls=\"tab-7f47220cf8c5a1ce595\" aria-selected=\"false\" tabindex=\"-1\" id=\"mobile-fusion-tab-6.lesalut\" href=\"#tab-7f47220cf8c5a1ce595\"><h4 class=\"fusion-tab-heading\">6. LE SALUT<\/h4><\/a><\/li><\/ul><\/div><div class=\"tab-pane fade fusion-clearfix\" role=\"tabpanel\" tabindex=\"0\" aria-labelledby=\"fusion-tab-6.lesalut\" id=\"tab-7f47220cf8c5a1ce595\">\n<p style=\"padding-left: 30px;\">Le salut est offert gratuitement par J\u00e9sus-Christ \u00e0 tous les hommes. Ceux qui se repentent et qui croient en Lui naissent de nouveau par le Saint-Esprit ; ils re\u00e7oivent le don de la vie \u00e9ternelle et deviennent les enfants de Dieu<\/p>\n<\/div><\/div><\/div><div class=\"fusion-tabs fusion-tabs-2 classic nav-is-justified .fusion-tabs li.active a { color: #ffbd4a !important; } horizontal-tabs icon-position-left mobile-mode-accordion\" style=\"--awb-title-border-radius-top-left:0px;--awb-title-border-radius-top-right:0px;--awb-title-border-radius-bottom-right:0px;--awb-title-border-radius-bottom-left:0px;--awb-inactive-color:#ffffff;--awb-background-color:#bddddb;--awb-border-color:#f4f4f4;--awb-active-border-color:#ffbd4a;\" id=\".fusion-tabs li.active a { color: #ffbd4a !important; }\"><div class=\"nav\"><ul class=\"nav-tabs nav-justified\" role=\"tablist\"><li class=\"active\" role=\"presentation\"><a class=\"tab-link\" data-toggle=\"tab\" role=\"tab\" aria-controls=\"tab-8ba9fb0913c5c837b4e\" aria-selected=\"true\" id=\"fusion-tab-7.unevierempliedusaint-estrit\" href=\"#tab-8ba9fb0913c5c837b4e\"><h4 class=\"fusion-tab-heading\">7. UNE VIE REMPLIE DU SAINT-ESTRIT<\/h4><\/a><\/li><li role=\"presentation\"><a class=\"tab-link\" data-toggle=\"tab\" role=\"tab\" aria-controls=\"tab-921396cb6429a7ac640\" aria-selected=\"false\" tabindex=\"-1\" id=\"fusion-tab-8.lagu\u00c9rison\" href=\"#tab-921396cb6429a7ac640\"><h4 class=\"fusion-tab-heading\">8. LA GU\u00c9RISON<\/h4><\/a><\/li><li role=\"presentation\"><a class=\"tab-link\" data-toggle=\"tab\" role=\"tab\" aria-controls=\"tab-13d2d6ae7a107a0323e\" aria-selected=\"false\" tabindex=\"-1\" id=\"fusion-tab-9.l&#039;\u00c9glise\" href=\"#tab-13d2d6ae7a107a0323e\"><h4 class=\"fusion-tab-heading\">9. L'\u00c9GLISE<\/h4><\/a><\/li><li role=\"presentation\"><a class=\"tab-link\" data-toggle=\"tab\" role=\"tab\" aria-controls=\"tab-474fb03e241886a762b\" aria-selected=\"false\" tabindex=\"-1\" id=\"fusion-tab-10.lejugementfinal\" href=\"#tab-474fb03e241886a762b\"><h4 class=\"fusion-tab-heading\">10. LE JUGEMENT FINAL<\/h4><\/a><\/li><li role=\"presentation\"><a class=\"tab-link\" data-toggle=\"tab\" role=\"tab\" aria-controls=\"tab-93d211e491a77e1bef9\" aria-selected=\"false\" tabindex=\"-1\" id=\"fusion-tab-11.leretourdechrist\" href=\"#tab-93d211e491a77e1bef9\"><h4 class=\"fusion-tab-heading\">11. LE RETOUR DE CHRIST<\/h4><\/a><\/li><\/ul><\/div><div class=\"tab-content\"><div class=\"nav fusion-mobile-tab-nav\"><ul class=\"nav-tabs nav-justified\" role=\"tablist\"><li class=\"active\" role=\"presentation\"><a class=\"tab-link\" data-toggle=\"tab\" role=\"tab\" aria-controls=\"tab-8ba9fb0913c5c837b4e\" aria-selected=\"true\" id=\"mobile-fusion-tab-7.unevierempliedusaint-estrit\" href=\"#tab-8ba9fb0913c5c837b4e\"><h4 class=\"fusion-tab-heading\">7. UNE VIE REMPLIE DU SAINT-ESTRIT<\/h4><\/a><\/li><\/ul><\/div><div class=\"tab-pane fade fusion-clearfix in active\" role=\"tabpanel\" tabindex=\"0\" aria-labelledby=\"fusion-tab-7.unevierempliedusaint-estrit\" id=\"tab-8ba9fb0913c5c837b4e\">\n<p style=\"padding-left: 30px;\">Dieu veut que chaque croyant soit rempli du Saint-Esprit, enti\u00e8rement sanctifi\u00e9 (esprit, \u00e2me et corps), s\u00e9par\u00e9 du p\u00e9ch\u00e9 et du monde, totalement consacr\u00e9 \u00e0 la volont\u00e9 de Dieu, recevant ainsi la puissance n\u00e9cessaire pour une vie sainte et un service efficace. Cette prise de conscience de la n\u00e9cessit\u00e9 de la sanctification, en g\u00e9n\u00e9ral distincte de la conversion, confirme une croissance normale et permet un d\u00e9veloppement progressif..<\/p>\n<\/div><div class=\"nav fusion-mobile-tab-nav\"><ul class=\"nav-tabs nav-justified\" role=\"tablist\"><li role=\"presentation\"><a class=\"tab-link\" data-toggle=\"tab\" role=\"tab\" aria-controls=\"tab-921396cb6429a7ac640\" aria-selected=\"false\" tabindex=\"-1\" id=\"mobile-fusion-tab-8.lagu\u00c9rison\" href=\"#tab-921396cb6429a7ac640\"><h4 class=\"fusion-tab-heading\">8. LA GU\u00c9RISON<\/h4><\/a><\/li><\/ul><\/div><div class=\"tab-pane fade fusion-clearfix\" role=\"tabpanel\" tabindex=\"0\" aria-labelledby=\"fusion-tab-8.lagu\u00c9rison\" id=\"tab-921396cb6429a7ac640\">\n<p style=\"padding-left: 30px;\">L&#8217;\u0153uvre r\u00e9demptrice du Seigneur J\u00e9sus-Christ inclut la gu\u00e9rison de notre corps, laquelle ne sera compl\u00e8te qu&#8217;\u00e0 la r\u00e9surrection. La pri\u00e8re pour les malades et l&#8217;onction d&#8217;huile, prescrites dans l&#8217;Ecriture, demeurent des privil\u00e8ges pour l&#8217;\u00e9glise d&#8217;aujourd&#8217;hui.<\/p>\n<\/div><div class=\"nav fusion-mobile-tab-nav\"><ul class=\"nav-tabs nav-justified\" role=\"tablist\"><li role=\"presentation\"><a class=\"tab-link\" data-toggle=\"tab\" role=\"tab\" aria-controls=\"tab-13d2d6ae7a107a0323e\" aria-selected=\"false\" tabindex=\"-1\" id=\"mobile-fusion-tab-9.l&#039;\u00c9glise\" href=\"#tab-13d2d6ae7a107a0323e\"><h4 class=\"fusion-tab-heading\">9. L'\u00c9GLISE<\/h4><\/a><\/li><\/ul><\/div><div class=\"tab-pane fade fusion-clearfix\" role=\"tabpanel\" tabindex=\"0\" aria-labelledby=\"fusion-tab-9.l&#039;\u00c9glise\" id=\"tab-13d2d6ae7a107a0323e\">\n<p style=\"padding-left: 30px;\">L&#8217;Eglise comprend tous ceux qui croient au Seigneur J\u00e9sus-Christ, sont rachet\u00e9s par son sang et sont n\u00e9s du Saint-Esprit. Christ est la t\u00eate du corps, l&#8217;Eglise, \u00e0 qui le Seigneur a donn\u00e9 l&#8217;ordre d&#8217;aller par tout le monde, pr\u00eachant l&#8217;Evangile \u00e0 toutes les nations. L&#8217;\u00e9glise locale est un groupe de croyants en Christ qui se r\u00e9unissent pour adorer Dieu, par la pri\u00e8re, la communion fraternelle, la proclamation de l&#8217;Evangile et l&#8217;observation des ordonnances du Seigneur, \u00e0 savoir le bapt\u00eame et la Sainte C\u00e8ne.<\/p>\n<\/div><div class=\"nav fusion-mobile-tab-nav\"><ul class=\"nav-tabs nav-justified\" role=\"tablist\"><li role=\"presentation\"><a class=\"tab-link\" data-toggle=\"tab\" role=\"tab\" aria-controls=\"tab-474fb03e241886a762b\" aria-selected=\"false\" tabindex=\"-1\" id=\"mobile-fusion-tab-10.lejugementfinal\" href=\"#tab-474fb03e241886a762b\"><h4 class=\"fusion-tab-heading\">10. LE JUGEMENT FINAL<\/h4><\/a><\/li><\/ul><\/div><div class=\"tab-pane fade fusion-clearfix\" role=\"tabpanel\" tabindex=\"0\" aria-labelledby=\"fusion-tab-10.lejugementfinal\" id=\"tab-474fb03e241886a762b\">\n<p style=\"padding-left: 30px;\">Il y aura une r\u00e9surrection corporelle pour les justes et les injustes : pour les premiers, une r\u00e9surrection pour la vie \u00e9ternelle ; pour les seconds, une r\u00e9surrection pour le jugement.<\/p>\n<\/div><div class=\"nav fusion-mobile-tab-nav\"><ul class=\"nav-tabs nav-justified\" role=\"tablist\"><li role=\"presentation\"><a class=\"tab-link\" data-toggle=\"tab\" role=\"tab\" aria-controls=\"tab-93d211e491a77e1bef9\" aria-selected=\"false\" tabindex=\"-1\" id=\"mobile-fusion-tab-11.leretourdechrist\" href=\"#tab-93d211e491a77e1bef9\"><h4 class=\"fusion-tab-heading\">11. LE RETOUR DE CHRIST<\/h4><\/a><\/li><\/ul><\/div><div class=\"tab-pane fade fusion-clearfix\" role=\"tabpanel\" tabindex=\"0\" aria-labelledby=\"fusion-tab-11.leretourdechrist\" id=\"tab-93d211e491a77e1bef9\">\n<p style=\"padding-left: 30px;\">Le retour du Seigneur J\u00e9sus-Christ est proche et sera personnel, visible et glorieux. Il pr\u00e9c\u00e9dera le mill\u00e9nium. C&#8217;est une v\u00e9rit\u00e9 vitale qui constitue un stimulant pour une vie sainte et un service fid\u00e8le, en m\u00eame temps que l&#8217;esp\u00e9rance b\u00e9nie du croyant.<\/p>\n<\/div><\/div><\/div><div class=\"fusion-clearfix\"><\/div><\/div><\/div><\/div><\/div><div class=\"fusion-fullwidth fullwidth-box fusion-builder-row-2 nonhundred-percent-fullwidth non-hundred-percent-height-scrolling\" style=\"--awb-background-position:left top;--awb-border-sizes-top:0px;--awb-border-sizes-bottom:0px;--awb-border-sizes-left:0px;--awb-border-sizes-right:0px;--awb-border-radius-top-left:0px;--awb-border-radius-top-right:0px;--awb-border-radius-bottom-right:0px;--awb-border-radius-bottom-left:0px;--awb-padding-top:100px;--awb-padding-right:8%;--awb-padding-bottom:50px;--awb-padding-left:8%;--awb-flex-wrap:wrap;\" ><div class=\"fusion-builder-row fusion-row\"><div class=\"fusion-layout-column fusion_builder_column fusion-builder-column-1 fusion_builder_column_1_1 1_1 fusion-one-full fusion-column-first fusion-column-last\" style=\"--awb-bg-size:cover;\"><div class=\"fusion-column-wrapper fusion-flex-column-wrapper-legacy\"><div class=\"fusion-text fusion-text-2\"><h2 id=\"leadership\" style=\"text-align: center;\">Leadership<\/h2>\n<\/div><div class=\"fusion-clearfix\"><\/div><\/div><\/div><div class=\"fusion-layout-column fusion_builder_column fusion-builder-column-2 fusion_builder_column_1_3 1_3 fusion-one-third fusion-column-first\" style=\"--awb-bg-color:#ffffff;--awb-bg-color-hover:#ffffff;--awb-bg-size:cover;width:33.333333333333%;width:calc(33.333333333333% - ( ( 0% ) * 0.33333333333333 ) );margin-right: 0%;\"><div class=\"fusion-column-wrapper fusion-column-has-shadow fusion-flex-column-wrapper-legacy\"><div class=\"fusion-column-content-centered\"><div class=\"fusion-column-content\"><div class=\"fusion-sep-clear\"><\/div><div class=\"fusion-separator fusion-full-width-sep\" style=\"margin-left: auto;margin-right: auto;margin-top:60px;margin-bottom:30px;width:100%;\"><div class=\"fusion-separator-border sep-single sep-solid\" style=\"--awb-height:20px;--awb-amount:20px;--awb-sep-color:#ffffff;border-color:#ffffff;border-top-width:4px;\"><\/div><\/div><div class=\"fusion-sep-clear\"><\/div><div class=\"fusion-image-element fusion-image-align-center in-legacy-container\" style=\"text-align:center;--awb-caption-title-font-family:var(--h2_typography-font-family);--awb-caption-title-font-weight:var(--h2_typography-font-weight);--awb-caption-title-font-style:var(--h2_typography-font-style);--awb-caption-title-size:var(--h2_typography-font-size);--awb-caption-title-transform:var(--h2_typography-text-transform);--awb-caption-title-line-height:var(--h2_typography-line-height);--awb-caption-title-letter-spacing:var(--h2_typography-letter-spacing);\"><div class=\"imageframe-align-center\"><span class=\" fusion-imageframe imageframe-none imageframe-1 hover-type-none\"><a href=\"https:\/\/trinitystrasbourg.org\/wp-content\/uploads\/2022\/09\/thumbnail_IMG_6986-e1665261036733-300x225.jpg\" class=\"fusion-lightbox\" data-rel=\"iLightbox[a1e8496c662448135fe]\" data-title=\"thumbnail_IMG_6986\" title=\"thumbnail_IMG_6986\"><img decoding=\"async\" width=\"300\" height=\"225\" src=\"https:\/\/trinitystrasbourg.org\/wp-content\/uploads\/2022\/09\/thumbnail_IMG_6986-e1665261036733-300x225.jpg\" alt class=\"img-responsive wp-image-6961\"\/><\/a><\/span><\/div><\/div><div class=\"fusion-text fusion-text-3\"><table class=\" aligncenter\" style=\"width: 262px; background-color: #ffffff; height: 122px;\">\n<tbody>\n<tr>\n<td style=\"width: 255.33334350585938px;\">\n<h4 style=\"text-align: center;\">CHARLES &amp; DALE HUGHES<br \/>\nNotre Pasteur et sa femme<\/h4>\n<\/td>\n<\/tr>\n<\/tbody>\n<\/table>\n<\/div><div class=\"fusion-sep-clear\"><\/div><div class=\"fusion-separator\" style=\"margin-left: auto;margin-right: auto;width:100%;max-width:57%;\"><div class=\"fusion-separator-border sep-single sep-solid\" style=\"--awb-height:20px;--awb-amount:20px;--awb-sep-color:#ffbd4a;border-color:#ffbd4a;border-top-width:3px;\"><\/div><\/div><div class=\"fusion-sep-clear\"><\/div><\/div><\/div><div class=\"fusion-clearfix\"><\/div><\/div><\/div><div class=\"fusion-layout-column fusion_builder_column fusion-builder-column-3 fusion_builder_column_2_3 2_3 fusion-two-third fusion-column-last\" style=\"--awb-bg-size:cover;width:66.666666666667%;width:calc(66.666666666667% - ( ( 0% ) * 0.66666666666667 ) );\"><div class=\"fusion-column-wrapper fusion-flex-column-wrapper-legacy\"><div class=\"fusion-column-content-centered\"><div class=\"fusion-column-content\"><div class=\"fusion-text fusion-text-4\"><h2 style=\"text-align: center;\"><span style=\"font-size: 16pt;\">NOTRE PASTEUR<\/span><\/h2>\n<\/div><div class=\"fusion-text fusion-text-5\"><p id=\"tw-target-text\" class=\"tw-data-text tw-text-large tw-ta\" dir=\"ltr\" data-placeholder=\"Traduction\"><span lang=\"fr\" tabindex=\"0\">Charles et Dale Hughes sont originaires d&#8217;Orlando, en Floride. Charles est n\u00e9 \u00e0 Orlando et Dale dans le New Hampshire. Ils ont deux fils, Charles III (et Kristen, son \u00e9pouse) et Samuel (et Kaitlin, son \u00e9pouse) , ainsi que trois petits-enfants, Oliver, Emily et Samuel II, qu&#8217;ils aiment tendrement. Leurs deux fils servent dans le minist\u00e8re de l&#8217;\u00e9glise. Charles et Dale sont arriv\u00e9s \u00e0 TICOS apr\u00e8s avoir servi dans trois \u00e9glises, deux en Floride et ont aussi \u00e9t\u00e9 le couple pastoral fondateur d&#8217;une \u00e9glise dans le New Hampshire. Charles a \u00e9galement \u00e9t\u00e9 un responsable r\u00e9gional des \u00e9glises C&amp;MA de l&#8217;\u00c9tat de Floride. Ils sont tous les deux ravis de servir en tant que couple pastoral de TICOS. <\/span><\/p>\n<p class=\"tw-data-text tw-text-large tw-ta\" dir=\"ltr\" data-placeholder=\"Traduction\"><span lang=\"fr\" tabindex=\"0\">Les Hughes ont la conviction profonde que l\u2019\u00c9glise est dirig\u00e9e par le Saint-Esprit et pour la gloire de Dieu. Ils aiment rencontrer des gens de tous les horizons et faire partie d&#8217;une communaut\u00e9 bienveillante qui se soucie les uns des autres ainsi que de la ville dans laquelle ils habitent. Charles et Dale aiment lire, \u00e9couter de la musique, marcher, faire de la randonn\u00e9e et jouer au basket-ball de temps \u00e0 autre.<\/span><\/p>\n<\/div><\/div><\/div><div class=\"fusion-clearfix\"><\/div><\/div><\/div><\/div><\/div><div class=\"fusion-fullwidth fullwidth-box fusion-builder-row-3 nonhundred-percent-fullwidth non-hundred-percent-height-scrolling fusion-equal-height-columns\" style=\"--awb-border-radius-top-left:0px;--awb-border-radius-top-right:0px;--awb-border-radius-bottom-right:0px;--awb-border-radius-bottom-left:0px;--awb-flex-wrap:wrap;\" ><div class=\"fusion-builder-row fusion-row\"><div class=\"fusion-layout-column fusion_builder_column fusion-builder-column-4 fusion_builder_column_1_1 1_1 fusion-one-full fusion-column-first fusion-column-last fusion-column-no-min-height\" style=\"--awb-bg-size:cover;\"><div class=\"fusion-column-wrapper fusion-flex-column-wrapper-legacy\"><div class=\"fusion-text fusion-text-6\"><h2 style=\"text-align: center;\"><span style=\"font-size: 21.33333396911621px;\">LE CONSEIL ET LES ANCIENS<\/span><\/h2>\n<\/div><div class=\"fusion-sep-clear\"><\/div><div class=\"fusion-separator fusion-full-width-sep\" style=\"margin-left: auto;margin-right: auto;margin-top:5px;margin-bottom:5px;width:100%;\"><\/div><div class=\"fusion-sep-clear\"><\/div><div class=\"fusion-clearfix\"><\/div><\/div><\/div><div class=\"fusion-layout-column fusion_builder_column fusion-builder-column-5 fusion_builder_column_1_3 1_3 fusion-one-third fusion-column-first\" style=\"--awb-bg-color:#f7f7f7;--awb-bg-color-hover:#f7f7f7;--awb-bg-size:cover;width:33.333333333333%;width:calc(33.333333333333% - ( ( 0% ) * 0.33333333333333 ) );margin-right: 0%;\"><div class=\"fusion-column-wrapper fusion-column-has-shadow fusion-flex-column-wrapper-legacy\"><div class=\"fusion-column-content-centered\"><div class=\"fusion-column-content\"><div class=\"fusion-sep-clear\"><\/div><div class=\"fusion-separator fusion-full-width-sep\" style=\"margin-left: auto;margin-right: auto;margin-top:0px;margin-bottom:0px;width:100%;\"><div class=\"fusion-separator-border sep-single sep-solid\" style=\"--awb-height:20px;--awb-amount:20px;--awb-sep-color:#f7f7f7;border-color:#f7f7f7;border-top-width:30px;\"><\/div><\/div><div class=\"fusion-sep-clear\"><\/div><div class=\"fusion-image-element fusion-image-align-center in-legacy-container\" style=\"text-align:center;--awb-caption-title-font-family:var(--h2_typography-font-family);--awb-caption-title-font-weight:var(--h2_typography-font-weight);--awb-caption-title-font-style:var(--h2_typography-font-style);--awb-caption-title-size:var(--h2_typography-font-size);--awb-caption-title-transform:var(--h2_typography-text-transform);--awb-caption-title-line-height:var(--h2_typography-line-height);--awb-caption-title-letter-spacing:var(--h2_typography-letter-spacing);\"><div class=\"imageframe-align-center\"><span class=\" fusion-imageframe imageframe-none imageframe-2 hover-type-none\"><a href=\"https:\/\/trinitystrasbourg.org\/wp-content\/uploads\/2020\/03\/IMG_5877-e1665261295907-206x300.jpeg\" class=\"fusion-lightbox\" data-rel=\"iLightbox[9a0d35d2370625297ac]\" data-title=\"IMG_5877\" title=\"IMG_5877\"><img decoding=\"async\" width=\"206\" height=\"300\" src=\"https:\/\/trinitystrasbourg.org\/wp-content\/uploads\/2020\/03\/IMG_5877-e1665261295907-206x300.jpeg\" alt class=\"img-responsive wp-image-5720\"\/><\/a><\/span><\/div><\/div><div class=\"fusion-text fusion-text-7\"><table class=\" aligncenter\" style=\"width: 225px; background-color: #f7f7f7;\">\n<tbody>\n<tr>\n<td style=\"width: 255.33334350585938px;\">\n<h4 style=\"text-align: center;\">Ars\u00e8ne BURKEL<br \/>\nAncien de l&#8217;\u00c9glise<\/h4>\n<\/td>\n<\/tr>\n<\/tbody>\n<\/table>\n<\/div><div class=\"fusion-sep-clear\"><\/div><div class=\"fusion-separator\" style=\"margin-left: auto;margin-right: auto;width:100%;max-width:57%;\"><div class=\"fusion-separator-border sep-single sep-solid\" style=\"--awb-height:20px;--awb-amount:20px;--awb-sep-color:#ffbd4a;border-color:#ffbd4a;border-top-width:3px;\"><\/div><\/div><div class=\"fusion-sep-clear\"><\/div><\/div><\/div><div class=\"fusion-clearfix\"><\/div><\/div><\/div><div class=\"fusion-layout-column fusion_builder_column fusion-builder-column-6 fusion_builder_column_2_3 2_3 fusion-two-third fusion-column-last\" style=\"--awb-bg-color:#f7f7f7;--awb-bg-color-hover:#f7f7f7;--awb-bg-size:cover;width:66.666666666667%;width:calc(66.666666666667% - ( ( 0% ) * 0.66666666666667 ) );\"><div class=\"fusion-column-wrapper fusion-column-has-shadow fusion-flex-column-wrapper-legacy\"><div class=\"fusion-column-content-centered\"><div class=\"fusion-column-content\"><div class=\"fusion-sep-clear\"><\/div><div class=\"fusion-separator fusion-full-width-sep\" style=\"margin-left: auto;margin-right: auto;width:100%;\"><\/div><div class=\"fusion-sep-clear\"><\/div><div class=\"fusion-text fusion-text-8\"><h2 style=\"text-align: center;\"><\/h2>\n<div>\n<p>Ars\u00e8ne est mari\u00e9 a Anne, depuis plus de 20 ans, ils ont deux enfants, Arnaud et Agathe.<br \/>\nAnne l\u2019emmena pour la premi\u00e8re fois \u00e0 Ticos en d\u00e9cembre 2014, il a \u00e9t\u00e9 touch\u00e9 par les louanges, la pr\u00e9sence de Dieu et de toute la communaut\u00e9. Suite aux pri\u00e8res de son \u00e9pouse, de ses enfants et de beaucoup de personnes de l\u2019\u00e9glise il donnera son c\u0153ur au Seigneur 4 mois plus tard.<\/p>\n<\/div>\n<div>\n<p>Tr\u00e8s vite il a eu \u00e0 c\u0153ur de s\u2019investir dans l\u2019organisation des activit\u00e9s et \u00e9v\u00e9nements au sein de TICOS et il cr\u00e9a le Trinity Event Team.<br \/>\nIl coordonne \u00e9galement avec Ruth le minist\u00e8re de l\u2019hospitality Team afin d\u2019accueillir les fid\u00e8les de notre culte du dimanche matin.<\/p>\n<\/div>\n<\/div><\/div><\/div><div class=\"fusion-clearfix\"><\/div><\/div><\/div><div class=\"fusion-layout-column fusion_builder_column fusion-builder-column-7 fusion_builder_column_2_3 2_3 fusion-two-third fusion-column-first\" style=\"--awb-padding-right:20px;--awb-bg-color:#ffffff;--awb-bg-color-hover:#ffffff;--awb-bg-size:cover;width:66.666666666667%;width:calc(66.666666666667% - ( ( 0% ) * 0.66666666666667 ) );margin-right: 0%;\"><div class=\"fusion-column-wrapper fusion-column-has-shadow fusion-flex-column-wrapper-legacy\"><div class=\"fusion-column-content-centered\"><div class=\"fusion-column-content\"><div class=\"fusion-text fusion-text-9\"><h2 style=\"text-align: center;\"><\/h2>\n<p style=\"text-align: justify;\"><span style=\"font-size: 11pt;\">David est un colombien qui habite \u00e0 Strasbourg avec sa femme v\u00e9n\u00e9zu\u00e9lienne, Diana, ils ont trois gar\u00e7ons locaux (alsaciens): Noah, Th\u00e9o et le petit dernier Ga\u00ebl.<\/span><\/p>\n<p style=\"text-align: justify;\"><span style=\"font-size: 11pt;\">Ils font partie de TICOS depuis longtemps. David aime g\u00e9rer les finances de l&#8217;\u00c9glise, il est donc le Tr\u00e9sorier et, dans ses temps libres, il travaille dans une banque. Il aide \u00e9galement dans l&#8217;\u00e9quipe sono. Quand il a du temps libre, il aime jouer avec ses gar\u00e7ons, la photographie et il aime parler de tout \u00e0 quiconque est autour de lui.<\/span><\/p>\n<\/div><\/div><\/div><div class=\"fusion-clearfix\"><\/div><\/div><\/div><div class=\"fusion-layout-column fusion_builder_column fusion-builder-column-8 fusion_builder_column_1_3 1_3 fusion-one-third fusion-column-last\" style=\"--awb-bg-color:#ffffff;--awb-bg-color-hover:#ffffff;--awb-bg-size:cover;width:33.333333333333%;width:calc(33.333333333333% - ( ( 0% ) * 0.33333333333333 ) );\"><div class=\"fusion-column-wrapper fusion-column-has-shadow fusion-flex-column-wrapper-legacy\"><div class=\"fusion-column-content-centered\"><div class=\"fusion-column-content\"><div class=\"fusion-sep-clear\"><\/div><div class=\"fusion-separator fusion-full-width-sep\" style=\"margin-left: auto;margin-right: auto;margin-top:0px;margin-bottom:0px;width:100%;\"><div class=\"fusion-separator-border sep-single sep-solid\" style=\"--awb-height:20px;--awb-amount:20px;--awb-sep-color:#ffffff;border-color:#ffffff;border-top-width:30px;\"><\/div><\/div><div class=\"fusion-sep-clear\"><\/div><div class=\"fusion-image-element fusion-image-align-center in-legacy-container\" style=\"text-align:center;--awb-caption-title-font-family:var(--h2_typography-font-family);--awb-caption-title-font-weight:var(--h2_typography-font-weight);--awb-caption-title-font-style:var(--h2_typography-font-style);--awb-caption-title-size:var(--h2_typography-font-size);--awb-caption-title-transform:var(--h2_typography-text-transform);--awb-caption-title-line-height:var(--h2_typography-line-height);--awb-caption-title-letter-spacing:var(--h2_typography-letter-spacing);\"><div class=\"imageframe-align-center\"><span class=\" fusion-imageframe imageframe-none imageframe-3 hover-type-none\"><a href=\"https:\/\/trinitystrasbourg.org\/wp-content\/uploads\/2017\/10\/Council-David_600x800-225x300.jpg\" class=\"fusion-lightbox\" data-rel=\"iLightbox[f89ff16e61afa49674f]\" data-title=\"Council-David_600x800\" title=\"Council-David_600x800\"><img decoding=\"async\" width=\"225\" height=\"300\" src=\"https:\/\/trinitystrasbourg.org\/wp-content\/uploads\/2017\/10\/Council-David_600x800-225x300.jpg\" alt class=\"img-responsive wp-image-1805\" srcset=\"https:\/\/trinitystrasbourg.org\/wp-content\/uploads\/2017\/10\/Council-David_600x800-200x267.jpg 200w, https:\/\/trinitystrasbourg.org\/wp-content\/uploads\/2017\/10\/Council-David_600x800-400x533.jpg 400w, https:\/\/trinitystrasbourg.org\/wp-content\/uploads\/2017\/10\/Council-David_600x800.jpg 600w\" sizes=\"(max-width: 800px) 100vw, 225px\" \/><\/a><\/span><\/div><\/div><div class=\"fusion-text fusion-text-10\" style=\"--awb-text-transform:none;\"><table class=\" aligncenter\" style=\"width: 225px; background-color: #ffffff;\">\n<tbody>\n<tr>\n<td style=\"width: 255.33334350585938px;\">\n<h4 style=\"text-align: center;\">DAVID CHAPARRO<br \/>\nTr\u00e9sorier de l&#8217;\u00c9glise &amp; Membre du Conseil<\/h4>\n<\/td>\n<\/tr>\n<\/tbody>\n<\/table>\n<\/div><div class=\"fusion-sep-clear\"><\/div><div class=\"fusion-separator\" style=\"margin-left: auto;margin-right: auto;width:100%;max-width:57%;\"><div class=\"fusion-separator-border sep-single sep-solid\" style=\"--awb-height:20px;--awb-amount:20px;--awb-sep-color:#ffbd4a;border-color:#ffbd4a;border-top-width:3px;\"><\/div><\/div><div class=\"fusion-sep-clear\"><\/div><\/div><\/div><div class=\"fusion-clearfix\"><\/div><\/div><\/div><div class=\"fusion-layout-column fusion_builder_column fusion-builder-column-9 fusion_builder_column_1_3 1_3 fusion-one-third fusion-column-first\" style=\"--awb-bg-color:#f7f7f7;--awb-bg-color-hover:#f7f7f7;--awb-bg-size:cover;width:33.333333333333%;width:calc(33.333333333333% - ( ( 0% ) * 0.33333333333333 ) );margin-right: 0%;\"><div class=\"fusion-column-wrapper fusion-column-has-shadow fusion-flex-column-wrapper-legacy\"><div class=\"fusion-column-content-centered\"><div class=\"fusion-column-content\"><div class=\"fusion-sep-clear\"><\/div><div class=\"fusion-separator fusion-full-width-sep\" style=\"margin-left: auto;margin-right: auto;margin-top:0px;margin-bottom:0px;width:100%;\"><div class=\"fusion-separator-border sep-single sep-solid\" style=\"--awb-height:20px;--awb-amount:20px;--awb-sep-color:#f7f7f7;border-color:#f7f7f7;border-top-width:30px;\"><\/div><\/div><div class=\"fusion-sep-clear\"><\/div><div class=\"fusion-image-element fusion-image-align-center in-legacy-container\" style=\"text-align:center;--awb-caption-title-font-family:var(--h2_typography-font-family);--awb-caption-title-font-weight:var(--h2_typography-font-weight);--awb-caption-title-font-style:var(--h2_typography-font-style);--awb-caption-title-size:var(--h2_typography-font-size);--awb-caption-title-transform:var(--h2_typography-text-transform);--awb-caption-title-line-height:var(--h2_typography-line-height);--awb-caption-title-letter-spacing:var(--h2_typography-letter-spacing);\"><div class=\"imageframe-align-center\"><span class=\" fusion-imageframe imageframe-none imageframe-4 hover-type-none\"><a href=\"https:\/\/trinitystrasbourg.org\/wp-content\/uploads\/2017\/10\/Council-Vincent-e1665261249783-225x300.jpg\" class=\"fusion-lightbox\" data-rel=\"iLightbox[3de2eb78d176ce3af73]\" data-title=\"Council Vincent\" title=\"Council Vincent\"><img decoding=\"async\" width=\"225\" height=\"300\" src=\"https:\/\/trinitystrasbourg.org\/wp-content\/uploads\/2017\/10\/Council-Vincent-e1665261249783-225x300.jpg\" alt class=\"img-responsive wp-image-1859\"\/><\/a><\/span><\/div><\/div><div class=\"fusion-text fusion-text-11\"><table class=\" aligncenter\" style=\"width: 225px; background-color: #f7f7f7;\">\n<tbody>\n<tr>\n<td style=\"width: 255.33334350585938px;\">\n<h4 style=\"text-align: center;\">VINCENT DZEDZEJ<br \/>\nAncien &amp;<br \/>\n<span style=\"font-family: inherit; font-size: inherit;\">Pr\u00e9sident du Conseil<\/span><\/h4>\n<\/td>\n<\/tr>\n<\/tbody>\n<\/table>\n<\/div><div class=\"fusion-sep-clear\"><\/div><div class=\"fusion-separator\" style=\"margin-left: auto;margin-right: auto;width:100%;max-width:57%;\"><div class=\"fusion-separator-border sep-single sep-solid\" style=\"--awb-height:20px;--awb-amount:20px;--awb-sep-color:#ffbd4a;border-color:#ffbd4a;border-top-width:3px;\"><\/div><\/div><div class=\"fusion-sep-clear\"><\/div><\/div><\/div><div class=\"fusion-clearfix\"><\/div><\/div><\/div><div class=\"fusion-layout-column fusion_builder_column fusion-builder-column-10 fusion_builder_column_2_3 2_3 fusion-two-third fusion-column-last\" style=\"--awb-padding-right:20px;--awb-bg-color:#f7f7f7;--awb-bg-color-hover:#f7f7f7;--awb-bg-size:cover;width:66.666666666667%;width:calc(66.666666666667% - ( ( 0% ) * 0.66666666666667 ) );\"><div class=\"fusion-column-wrapper fusion-column-has-shadow fusion-flex-column-wrapper-legacy\"><div class=\"fusion-column-content-centered\"><div class=\"fusion-column-content\"><div class=\"fusion-text fusion-text-12\"><p>Vincent est originaire de Thann, au Sud de l&#8217;Alsace. Il est mari\u00e9 avec Myriam et ils sont les heureux parents de 4 enfants.\u00a0En 1999, toute la famille s&#8217;expatrie sans savoir qu&#8217;ils allaient vivre une longue et merveilleuse aventure (en R\u00e9publique Tch\u00e8que, Chine et Hong Kong). En juillet 2015, ils rentrent en France, \u00e0 Strasbourg, avec l&#8217;\u00e9trange sentiment d&#8217;\u00eatre de retour \u00e0 la maison tout en \u00e9tant des \u00e9trangers dans leur propre pays.<\/p>\n<p>Ils ont \u00e9t\u00e9 ravis de d\u00e9couvrir TICOS. Ils appr\u00e9ci\u00e8rent imm\u00e9diatement cette \u00e9glise multiculturelle, dynamique et accueillante et ils s&#8217;y sentir \u00e0 la maison d\u00e8s le premier jour. Ils aiment y voir comment Dieu peut unir des hommes et des femmes de diff\u00e9rentes cultures, parlant diff\u00e9rentes langues et venant de tous les continents.<\/p>\n<p>Pendant ses temps libres, Vincent aime la randonn\u00e9e, courir, jouer de la guitare et lire un grand nombre de livres en tous genres. Il appr\u00e9cie \u00e9galement un bon match de n&#8217;importe quel sport \u00e0 la t\u00e9l\u00e9.<br \/>\nVincent est un des anciens \u00e0 TICOS et est le Pr\u00e9sident du Conseil. Il est \u00e9galement le Leader du Groupe de Louange.<\/p>\n<\/div><\/div><\/div><div class=\"fusion-clearfix\"><\/div><\/div><\/div><div class=\"fusion-layout-column fusion_builder_column fusion-builder-column-11 fusion_builder_column_2_3 2_3 fusion-two-third fusion-column-first\" style=\"--awb-bg-size:cover;width:65.3333%; margin-right: 4%;\"><div class=\"fusion-column-wrapper fusion-flex-column-wrapper-legacy\"><div class=\"fusion-column-content-centered\"><div class=\"fusion-column-content\"><div class=\"fusion-text fusion-text-13\"><h2 style=\"text-align: center;\"><\/h2>\n<p>Agn\u00e8s fait partie de la famille TICOS depuis 2010. Elle est particuli\u00e8rement active au sein de l&#8217;\u00e9quipe de louange et de l&#8217;accueil.<br \/>\nElle est professionnelle de la sant\u00e9 et travaille comme radiographe en cardiologie interventionnelle au NHC de Strasbourg.<\/p>\n<p>Elle est \u00e9galement impliqu\u00e9e dans la branche fran\u00e7aise de Healthcare Christian Fellowship International.<\/p>\n<p>Elle a beaucoup voyag\u00e9 et aime rencontrer d&#8217;autres chr\u00e9tiens, en particulier des coll\u00e8gues travailleurs de la sant\u00e9.<\/p>\n<p>Elle aime accueillir les gens chez elle, \u00e9couter leurs histoires et leurs exp\u00e9riences. Ses hobbies : la lecture (beaucoup !!!), le chant, la marche, aussi bien en ville que dans la nature. Elle fait aussi de la cuisine, de l&#8217;artisanat&#8230;<\/p>\n<\/div><\/div><\/div><div class=\"fusion-clearfix\"><\/div><\/div><\/div><div class=\"fusion-layout-column fusion_builder_column fusion-builder-column-12 fusion_builder_column_1_3 1_3 fusion-one-third fusion-column-last\" style=\"--awb-bg-color:#ffffff;--awb-bg-color-hover:#ffffff;--awb-bg-size:cover;width:30.6666%;\"><div class=\"fusion-column-wrapper fusion-column-has-shadow fusion-flex-column-wrapper-legacy\"><div class=\"fusion-column-content-centered\"><div class=\"fusion-column-content\"><div class=\"fusion-image-element fusion-image-align-center in-legacy-container\" style=\"text-align:center;--awb-caption-title-font-family:var(--h2_typography-font-family);--awb-caption-title-font-weight:var(--h2_typography-font-weight);--awb-caption-title-font-style:var(--h2_typography-font-style);--awb-caption-title-size:var(--h2_typography-font-size);--awb-caption-title-transform:var(--h2_typography-text-transform);--awb-caption-title-line-height:var(--h2_typography-line-height);--awb-caption-title-letter-spacing:var(--h2_typography-letter-spacing);\"><div class=\"imageframe-align-center\"><span class=\" fusion-imageframe imageframe-none imageframe-5 hover-type-none\"><a href=\"https:\/\/trinitystrasbourg.org\/wp-content\/uploads\/2020\/11\/3a7731c7-7125-4ca0-881d-4e8bbf54b840-e1665261397985-213x300.jpg\" class=\"fusion-lightbox\" data-rel=\"iLightbox[10e6c0e0d33bd27350c]\" data-caption=\"Agn\u00e8s Haenel\" data-title=\"Agn\u00e8s Haenel\" title=\"Agn\u00e8s Haenel\"><img decoding=\"async\" width=\"213\" height=\"300\" alt=\"Agn\u00e8s Haenel\" src=\"https:\/\/trinitystrasbourg.org\/wp-content\/uploads\/2020\/11\/3a7731c7-7125-4ca0-881d-4e8bbf54b840-e1665261397985-213x300.jpg\" class=\"img-responsive wp-image-6390\"\/><\/a><\/span><\/div><\/div><div class=\"fusion-text fusion-text-14\"><table class=\" aligncenter\" style=\"width: 225px; background-color: #ffffff;\">\n<tbody>\n<tr>\n<td style=\"width: 255.33334350585938px;\">\n<h4 style=\"text-align: center;\">Agn\u00e8s HAENEL<br \/>\n<span style=\"font-family: inherit; font-size: inherit;\">Membre du\u00a0<\/span><span style=\"font-family: inherit; font-size: inherit;\">Conseil<\/span><\/h4>\n<\/td>\n<\/tr>\n<\/tbody>\n<\/table>\n<\/div><div class=\"fusion-sep-clear\"><\/div><div class=\"fusion-separator\" style=\"margin-left: auto;margin-right: auto;width:100%;max-width:57%;\"><div class=\"fusion-separator-border sep-single sep-solid\" style=\"--awb-height:20px;--awb-amount:20px;--awb-sep-color:#ffbd4a;border-color:#ffbd4a;border-top-width:3px;\"><\/div><\/div><div class=\"fusion-sep-clear\"><\/div><\/div><\/div><div class=\"fusion-clearfix\"><\/div><\/div><\/div><div class=\"fusion-layout-column fusion_builder_column fusion-builder-column-13 fusion_builder_column_1_3 1_3 fusion-one-third fusion-column-first\" style=\"--awb-bg-color:#f7f7f7;--awb-bg-color-hover:#f7f7f7;--awb-bg-size:cover;width:33.333333333333%;width:calc(33.333333333333% - ( ( 0% ) * 0.33333333333333 ) );margin-right: 0%;\"><div class=\"fusion-column-wrapper fusion-column-has-shadow fusion-flex-column-wrapper-legacy\"><div class=\"fusion-column-content-centered\"><div class=\"fusion-column-content\"><div class=\"fusion-sep-clear\"><\/div><div class=\"fusion-separator fusion-full-width-sep\" style=\"margin-left: auto;margin-right: auto;margin-top:0px;margin-bottom:0px;width:100%;\"><div class=\"fusion-separator-border sep-single sep-solid\" style=\"--awb-height:20px;--awb-amount:20px;--awb-sep-color:#f7f7f7;border-color:#f7f7f7;border-top-width:30px;\"><\/div><\/div><div class=\"fusion-sep-clear\"><\/div><div class=\"fusion-image-element fusion-image-align-center in-legacy-container\" style=\"text-align:center;--awb-caption-title-font-family:var(--h2_typography-font-family);--awb-caption-title-font-weight:var(--h2_typography-font-weight);--awb-caption-title-font-style:var(--h2_typography-font-style);--awb-caption-title-size:var(--h2_typography-font-size);--awb-caption-title-transform:var(--h2_typography-text-transform);--awb-caption-title-line-height:var(--h2_typography-line-height);--awb-caption-title-letter-spacing:var(--h2_typography-letter-spacing);\"><div class=\"imageframe-align-center\"><span class=\" fusion-imageframe imageframe-none imageframe-6 hover-type-none\"><a href=\"https:\/\/trinitystrasbourg.org\/wp-content\/uploads\/2017\/12\/FKempf-225x300.jpg\" class=\"fusion-lightbox\" data-rel=\"iLightbox[6245042962182c50b93]\" data-caption=\"F. Kempf\" data-title=\"F. Kempf\" title=\"F. Kempf\"><img decoding=\"async\" width=\"225\" height=\"300\" alt=\"F. Kempf\" src=\"https:\/\/trinitystrasbourg.org\/wp-content\/uploads\/2017\/12\/FKempf-225x300.jpg\" class=\"img-responsive wp-image-2641\" srcset=\"https:\/\/trinitystrasbourg.org\/wp-content\/uploads\/2017\/12\/FKempf-200x267.jpg 200w, https:\/\/trinitystrasbourg.org\/wp-content\/uploads\/2017\/12\/FKempf-400x533.jpg 400w, https:\/\/trinitystrasbourg.org\/wp-content\/uploads\/2017\/12\/FKempf.jpg 600w\" sizes=\"(max-width: 800px) 100vw, 225px\" \/><\/a><\/span><\/div><\/div><div class=\"fusion-text fusion-text-15\"><table class=\" aligncenter\" style=\"width: 225px; background-color: #f7f7f7;\">\n<tbody>\n<tr>\n<td style=\"width: 255.33334350585938px;\">\n<h4 style=\"text-align: center;\">FRANCOIS KEMPF<br \/>\nAncien &amp;<br \/>\nMembre du Conseil<\/h4>\n<\/td>\n<\/tr>\n<\/tbody>\n<\/table>\n<\/div><div class=\"fusion-sep-clear\"><\/div><div class=\"fusion-separator\" style=\"margin-left: auto;margin-right: auto;width:100%;max-width:57%;\"><div class=\"fusion-separator-border sep-single sep-solid\" style=\"--awb-height:20px;--awb-amount:20px;--awb-sep-color:#ffbd4a;border-color:#ffbd4a;border-top-width:3px;\"><\/div><\/div><div class=\"fusion-sep-clear\"><\/div><\/div><\/div><div class=\"fusion-clearfix\"><\/div><\/div><\/div><div class=\"fusion-layout-column fusion_builder_column fusion-builder-column-14 fusion_builder_column_2_3 2_3 fusion-two-third fusion-column-last\" style=\"--awb-bg-color:#f7f7f7;--awb-bg-color-hover:#f7f7f7;--awb-bg-size:cover;width:66.666666666667%;width:calc(66.666666666667% - ( ( 0% ) * 0.66666666666667 ) );\"><div class=\"fusion-column-wrapper fusion-column-has-shadow fusion-flex-column-wrapper-legacy\"><div class=\"fusion-column-content-centered\"><div class=\"fusion-column-content\"><div class=\"fusion-text fusion-text-16\"><h2 style=\"text-align: center;\"><\/h2>\n<p>Fran\u00e7ois Kempf est n\u00e9 en Alsace et est mari\u00e9 \u00e0 Cherry qui est d\u2019origine britannique. Ils ont quatre filles, toutes mari\u00e9es et quatre petits enfants dans l\u2019attente d\u2019autres \u00e0 venir ! Avant sa retraite Fran\u00e7ois travaillait pour Portes Ouvertes, une mission au service de l\u2019\u00e9glise pers\u00e9cut\u00e9e, avec qui il a gard\u00e9 des liens \u00e9troits.<\/p>\n<p>Il est Ancien \u00e0 TICOS et fait partie du Conseil. Ses activit\u00e9s sont vari\u00e9es et il a le souci de la bonne marche de l\u2019\u00e9glise et d\u2019\u00eatre centr\u00e9 sur Christ. Il pr\u00e9side une \u00e9tude biblique pour hommes en fran\u00e7ais. Il aime l\u2019histoire et voyager.<\/p>\n<\/div><\/div><\/div><div class=\"fusion-clearfix\"><\/div><\/div><\/div><div class=\"fusion-layout-column fusion_builder_column fusion-builder-column-15 fusion_builder_column_2_3 2_3 fusion-two-third fusion-column-first\" style=\"--awb-bg-size:cover;width:65.3333%; margin-right: 4%;\"><div class=\"fusion-column-wrapper fusion-flex-column-wrapper-legacy\"><div class=\"fusion-column-content-centered\"><div class=\"fusion-column-content\"><div class=\"fusion-text fusion-text-17\" style=\"--awb-text-transform:none;\"><p dir=\"ltr\">Romain est originaire de Franche-Comt\u00e9. Il est arriv\u00e9 \u00e0 Strasbourg en 2010 et n\u2019en est jamais reparti. Sa femme Edwige et lui ont tout de suite accroch\u00e9 avec l\u2019\u00e9glise de Trinity Church : l\u2019authenticit\u00e9, l\u2019esprit de famille, l\u2019aspect multiculturel qui permet de se centrer sur J\u00e9sus au del\u00e0 de toutes diff\u00e9rences culturelles et de formes.<\/p>\n<p dir=\"ltr\">Il est ancien et membre du conseil. Il fait aussi partie de la prayer &amp; care team.<\/p>\n<p dir=\"ltr\">Romain travaille dans le domaine de la sant\u00e9, il aime faire connaissance avec des gens de tous horizons et partager en profondeur.<\/p>\n<p dir=\"ltr\">Il est le papa de trois enfants qui remplissent de vie leur maison.<\/p>\n<\/div><\/div><\/div><div class=\"fusion-clearfix\"><\/div><\/div><\/div><div class=\"fusion-layout-column fusion_builder_column fusion-builder-column-16 fusion_builder_column_1_3 1_3 fusion-one-third fusion-column-last\" style=\"--awb-bg-color:#ffffff;--awb-bg-color-hover:#ffffff;--awb-bg-size:cover;width:30.6666%;\"><div class=\"fusion-column-wrapper fusion-flex-column-wrapper-legacy\"><div class=\"fusion-column-content-centered\"><div class=\"fusion-column-content\"><div class=\"fusion-image-element fusion-image-align-center in-legacy-container\" style=\"text-align:center;--awb-caption-title-font-family:var(--h2_typography-font-family);--awb-caption-title-font-weight:var(--h2_typography-font-weight);--awb-caption-title-font-style:var(--h2_typography-font-style);--awb-caption-title-size:var(--h2_typography-font-size);--awb-caption-title-transform:var(--h2_typography-text-transform);--awb-caption-title-line-height:var(--h2_typography-line-height);--awb-caption-title-letter-spacing:var(--h2_typography-letter-spacing);\"><div class=\"imageframe-align-center\"><span class=\" fusion-imageframe imageframe-none imageframe-7 hover-type-none\"><img decoding=\"async\" width=\"227\" height=\"300\" alt=\"Romain Kolly\" title=\"Romain Kolly\" src=\"https:\/\/trinitystrasbourg.org\/wp-content\/uploads\/2022\/09\/PXL_20220917_100318268.PORTRAIT-e1665260807249-227x300.jpg\" class=\"img-responsive wp-image-7000\"\/><\/span><\/div><\/div><div class=\"fusion-text fusion-text-18\" style=\"--awb-text-transform:none;\"><table class=\" aligncenter\" style=\"width: 225px;\">\n<tbody>\n<tr>\n<td style=\"width: 255.33334350585938px;\">\n<h4 style=\"text-align: center;\">Romain KOLLY<br \/>\nAncien &amp;<br \/>\nMembre du Conseil<\/h4>\n<\/td>\n<\/tr>\n<\/tbody>\n<\/table>\n<\/div><div class=\"fusion-sep-clear\"><\/div><div class=\"fusion-separator\" style=\"margin-left: auto;margin-right: auto;width:100%;max-width:57%;\"><div class=\"fusion-separator-border sep-single sep-solid\" style=\"--awb-height:20px;--awb-amount:20px;--awb-sep-color:#ffbd4a;border-color:#ffbd4a;border-top-width:3px;\"><\/div><\/div><div class=\"fusion-sep-clear\"><\/div><\/div><\/div><div class=\"fusion-clearfix\"><\/div><\/div><\/div><div class=\"fusion-layout-column fusion_builder_column fusion-builder-column-17 fusion_builder_column_1_3 1_3 fusion-one-third fusion-column-first\" style=\"--awb-bg-color:#f7f7f7;--awb-bg-color-hover:#f7f7f7;--awb-bg-size:cover;width:33.333333333333%;width:calc(33.333333333333% - ( ( 0% ) * 0.33333333333333 ) );margin-right: 0%;\"><div class=\"fusion-column-wrapper fusion-column-has-shadow fusion-flex-column-wrapper-legacy\"><div class=\"fusion-column-content-centered\"><div class=\"fusion-column-content\"><div class=\"fusion-sep-clear\"><\/div><div class=\"fusion-separator fusion-full-width-sep\" style=\"margin-left: auto;margin-right: auto;margin-top:0px;margin-bottom:0px;width:100%;\"><div class=\"fusion-separator-border sep-single sep-solid\" style=\"--awb-height:20px;--awb-amount:20px;--awb-sep-color:#f7f7f7;border-color:#f7f7f7;border-top-width:30px;\"><\/div><\/div><div class=\"fusion-sep-clear\"><\/div><div class=\"fusion-image-element fusion-image-align-center in-legacy-container\" style=\"text-align:center;--awb-caption-title-font-family:var(--h2_typography-font-family);--awb-caption-title-font-weight:var(--h2_typography-font-weight);--awb-caption-title-font-style:var(--h2_typography-font-style);--awb-caption-title-size:var(--h2_typography-font-size);--awb-caption-title-transform:var(--h2_typography-text-transform);--awb-caption-title-line-height:var(--h2_typography-line-height);--awb-caption-title-letter-spacing:var(--h2_typography-letter-spacing);\"><div class=\"imageframe-align-center\"><span class=\" fusion-imageframe imageframe-none imageframe-8 hover-type-none\"><img decoding=\"async\" width=\"197\" height=\"300\" alt=\"Emmy RICHARD\" title=\"EmmyRICHARD\" src=\"https:\/\/trinitystrasbourg.org\/wp-content\/uploads\/2022\/10\/EmmyRICHARD-e1665260381144-197x300.jpeg\" class=\"img-responsive wp-image-7038\"\/><\/span><\/div><\/div><div class=\"fusion-text fusion-text-19\" style=\"--awb-text-transform:none;\"><table class=\" aligncenter\" style=\"width: 225px; background-color: #f7f7f7;\">\n<tbody>\n<tr>\n<td style=\"width: 255.33334350585938px;\">\n<h4 style=\"text-align: center;\">Emmy Richard<br \/>\nSecr\u00e9taire du Conseil<\/h4>\n<\/td>\n<\/tr>\n<\/tbody>\n<\/table>\n<\/div><div class=\"fusion-sep-clear\"><\/div><div class=\"fusion-separator\" style=\"margin-left: auto;margin-right: auto;width:100%;max-width:57%;\"><div class=\"fusion-separator-border sep-single sep-solid\" style=\"--awb-height:20px;--awb-amount:20px;--awb-sep-color:#ffbd4a;border-color:#ffbd4a;border-top-width:3px;\"><\/div><\/div><div class=\"fusion-sep-clear\"><\/div><\/div><\/div><div class=\"fusion-clearfix\"><\/div><\/div><\/div><div class=\"fusion-layout-column fusion_builder_column fusion-builder-column-18 fusion_builder_column_2_3 2_3 fusion-two-third fusion-column-last\" style=\"--awb-bg-color:#f7f7f7;--awb-bg-color-hover:#f7f7f7;--awb-bg-size:cover;width:66.666666666667%;width:calc(66.666666666667% - ( ( 0% ) * 0.66666666666667 ) );\"><div class=\"fusion-column-wrapper fusion-column-has-shadow fusion-flex-column-wrapper-legacy\"><div class=\"fusion-column-content-centered\"><div class=\"fusion-column-content\"><div class=\"fusion-text fusion-text-20\" style=\"--awb-text-transform:none;\"><p>Emmy a deux filles et deux petites-filles. Elle travaille pour un grand groupe am\u00e9ricain distributeur de mat\u00e9riel de recherche.<br \/>\nSes \u00e9tudes de sociologie et d\u2019ethnologie la portent \u00e0 aimer les documentaires et les d\u00e9bats de soci\u00e9t\u00e9.<\/p>\n<p>Membre de TICOS depuis une dizaine d\u2019ann\u00e9es, Emmy aime entendre la parole en anglais qu\u2019elle lit aussi en allemand. Rencontrer des Chr\u00e9tiens du monde entier lui apporte une joie renouvel\u00e9e<\/p>\n<p>Enfin, Emmy voyage beaucoup et loin, et elle aime particuli\u00e8rement les Alpes Suisses.<\/p>\n<\/div><\/div><\/div><div class=\"fusion-clearfix\"><\/div><\/div><\/div><div class=\"fusion-layout-column fusion_builder_column fusion-builder-column-19 fusion_builder_column_2_3 2_3 fusion-two-third fusion-column-first\" style=\"--awb-bg-size:cover;width:65.3333%; margin-right: 4%;\"><div class=\"fusion-column-wrapper fusion-flex-column-wrapper-legacy\"><div class=\"fusion-column-content-centered\"><div class=\"fusion-column-content\"><div class=\"fusion-text fusion-text-21\" style=\"--awb-text-transform:none;\"><p>Deshan SANDANAYAKE est originaire de Colombo, au Sri Lanka.\u00a0Il est \u00e9tudiant en premi\u00e8re ann\u00e9e de doctorat en physique des neutrinos \u00e0 l&#8217;Universit\u00e9 de Strasbourg.\u00a0Il est heureux en m\u00e9nage avec sa femme, Nayomi. Faisant partie de la famille\u00a0TICOS depuis environ trois ans, il est sinc\u00e8rement<br \/>\nreconnaissant au Seigneur pour l&#8217;incroyable gr\u00e2ce qui l&#8217;a conduit \u00e0 trouver des fr\u00e8res et s\u0153urs en Christ chaleureux et accueillants dans un pays\u00a0loin de chez lui.<\/p>\n<p>Deshan aime beaucoup voyager et d\u00e9couvrir de nouveaux visages et de nouveaux endroits, et il pense \u00eatre au bon endroit pour y parvenir.<br \/>\nIl pr\u00e9f\u00e8re les randonn\u00e9es dans les\u00a0Vosges d&#8217;Alsace, d\u00e9couvrir l&#8217;histoire europ\u00e9enne,\u00a0l&#8217;architecture, la nourriture, la culture et les modes de vie europ\u00e9ens &#8211; et prendre beaucoup de photos !<br \/>\nActuellement, il est membre du Conseil de TICOS, membre du groupe de vie des \u00e9tudiants de l&#8217;universit\u00e9 de TICOS, ainsi que membre de l&#8217;\u00e9quipe m\u00e9dia de TICOS. Il est reconnaissant de la mis\u00e9ricorde et de la gr\u00e2ce du Seigneur dans sa vie.<\/p>\n<\/div><\/div><\/div><div class=\"fusion-clearfix\"><\/div><\/div><\/div><div class=\"fusion-layout-column fusion_builder_column fusion-builder-column-20 fusion_builder_column_1_3 1_3 fusion-one-third fusion-column-last\" style=\"--awb-bg-color:#ffffff;--awb-bg-color-hover:#ffffff;--awb-bg-size:cover;width:30.6666%;\"><div class=\"fusion-column-wrapper fusion-flex-column-wrapper-legacy\"><div class=\"fusion-column-content-centered\"><div class=\"fusion-column-content\"><div class=\"fusion-image-element fusion-image-align-center in-legacy-container\" style=\"text-align:center;--awb-caption-title-font-family:var(--h2_typography-font-family);--awb-caption-title-font-weight:var(--h2_typography-font-weight);--awb-caption-title-font-style:var(--h2_typography-font-style);--awb-caption-title-size:var(--h2_typography-font-size);--awb-caption-title-transform:var(--h2_typography-text-transform);--awb-caption-title-line-height:var(--h2_typography-line-height);--awb-caption-title-letter-spacing:var(--h2_typography-letter-spacing);\"><div class=\"imageframe-align-center\"><span class=\" fusion-imageframe imageframe-none imageframe-9 hover-type-none\"><img decoding=\"async\" width=\"225\" height=\"300\" title=\"RemasterDirector_V0\" src=\"https:\/\/trinitystrasbourg.org\/wp-content\/uploads\/2022\/09\/20220130_133518-scaled-e1665261130100-225x300.jpg\" alt class=\"img-responsive wp-image-6956\"\/><\/span><\/div><\/div><div class=\"fusion-text fusion-text-22\" style=\"--awb-text-transform:none;\"><table class=\" aligncenter\" style=\"width: 225px;\">\n<tbody>\n<tr>\n<td style=\"width: 255.33334350585938px;\">\n<h4 style=\"text-align: center;\">Deshan Sandanayake<br \/>\nMembre du Conseil<\/h4>\n<\/td>\n<\/tr>\n<\/tbody>\n<\/table>\n<\/div><div class=\"fusion-sep-clear\"><\/div><div class=\"fusion-separator\" style=\"margin-left: auto;margin-right: auto;width:100%;max-width:57%;\"><div class=\"fusion-separator-border sep-single sep-solid\" style=\"--awb-height:20px;--awb-amount:20px;--awb-sep-color:#ffbd4a;border-color:#ffbd4a;border-top-width:3px;\"><\/div><\/div><div class=\"fusion-sep-clear\"><\/div><\/div><\/div><div class=\"fusion-clearfix\"><\/div><\/div><\/div><div class=\"fusion-layout-column fusion_builder_column fusion-builder-column-21 fusion_builder_column_1_1 1_1 fusion-one-full fusion-column-first fusion-column-last\" style=\"--awb-bg-size:cover;\"><div class=\"fusion-column-wrapper fusion-flex-column-wrapper-legacy\"><div class=\"fusion-sep-clear\"><\/div><div class=\"fusion-separator fusion-full-width-sep\" style=\"margin-left: auto;margin-right: auto;margin-top:30px;margin-bottom:30px;width:100%;\"><div class=\"fusion-separator-border sep-single sep-solid\" style=\"--awb-height:20px;--awb-amount:20px;--awb-sep-color:#ffffff;border-color:#ffffff;border-top-width:1px;\"><\/div><\/div><div class=\"fusion-sep-clear\"><\/div><div class=\"fusion-text fusion-text-23\"><h2 id=\"involvement\" style=\"text-align: center;\">Nos partenaires<\/h2>\n<\/div><div class=\"fusion-sep-clear\"><\/div><div class=\"fusion-separator fusion-full-width-sep\" style=\"margin-left: auto;margin-right: auto;margin-top:25px;margin-bottom:25px;width:100%;\"><div class=\"fusion-separator-border sep-single sep-solid\" style=\"--awb-height:20px;--awb-amount:20px;--awb-sep-color:#ffffff;border-color:#ffffff;border-top-width:1px;\"><\/div><\/div><div class=\"fusion-sep-clear\"><\/div><div class=\"fusion-content-boxes content-boxes columns row fusion-columns-6 fusion-columns-total-6 fusion-content-boxes-1 content-boxes-icon-boxed content-left\" style=\"--awb-hover-accent-color:#ffc259;--awb-circle-hover-accent-color:#ffc259;\" data-animationOffset=\"top-into-view\"><div style=\"--awb-backgroundcolor:#f7f7f7;\" class=\"fusion-column content-box-column content-box-column content-box-column-1 col-lg-2 col-md-2 col-sm-2 fusion-content-box-hover content-box-column-first-in-row\"><div class=\"col content-box-wrapper content-wrapper-background content-wrapper-boxed link-area-link-icon link-type-text icon-hover-animation-fade\" data-animationOffset=\"top-into-view\"><div class=\"heading heading-with-icon icon-left\"><a class=\"heading-link\" href=\"http:\/\/www.eglises.org\/types\/aecm\/\" target=\"_blank\" rel=\"noopener noreferrer\"><div style=\"margin-left:-22.5px;top:-73.555px;\" aria-hidden=\"true\" class=\"image\"><img decoding=\"async\" src=\"https:\/\/trinitystrasbourg.org\/wp-content\/uploads\/2017\/10\/logo_aecm.jpg\" width=\"45\" height=\"47.11\" alt=\"Logo AECM\" \/><\/div><h2 class=\"content-box-heading fusion-responsive-typography-calculated\" style=\"--h2_typography-font-size:18px;--fontSize:18;line-height:1.29;\">AECM<\/h2><\/a><\/div><div class=\"fusion-clearfix\"><\/div><div class=\"content-container\">\n<p style=\"text-align: center;\"><span style=\"font-size: 8pt;\">Alliance des \u00c9glises Chr\u00e9tiennes Missionnaires de France<\/span><\/p>\n<\/div><\/div><\/div><div style=\"--awb-backgroundcolor:#f7f7f7;\" class=\"fusion-column content-box-column content-box-column content-box-column-2 col-lg-2 col-md-2 col-sm-2 fusion-content-box-hover \"><div class=\"col content-box-wrapper content-wrapper-background content-wrapper-boxed link-area-link-icon link-type-text icon-hover-animation-fade\" data-animationOffset=\"top-into-view\"><div class=\"heading heading-with-icon icon-left\"><a class=\"heading-link\" href=\"http:\/\/www.awf.nu\" target=\"_blank\" rel=\"noopener noreferrer\"><div style=\"margin-left:-22.5px;top:-72.5px;\" aria-hidden=\"true\" class=\"image\"><img decoding=\"async\" src=\"https:\/\/trinitystrasbourg.org\/wp-content\/uploads\/2017\/10\/21432931_1895449730777371_3557442447496597955_n.png\" width=\"45\" height=\"45\" alt=\"\" \/><\/div><h2 class=\"content-box-heading fusion-responsive-typography-calculated\" style=\"--h2_typography-font-size:18px;--fontSize:18;line-height:1.29;\">AWF<\/h2><\/a><\/div><div class=\"fusion-clearfix\"><\/div><div class=\"content-container\">\n<p style=\"text-align: center;\"><span style=\"font-size: 8pt;\">Alliance World Fellowship<\/span><\/p>\n<\/div><\/div><\/div><div style=\"--awb-backgroundcolor:#f7f7f7;\" class=\"fusion-column content-box-column content-box-column content-box-column-3 col-lg-2 col-md-2 col-sm-2 fusion-content-box-hover \"><div class=\"col content-box-wrapper content-wrapper-background content-wrapper-boxed link-area-link-icon link-type-text icon-hover-animation-fade\" data-animationOffset=\"top-into-view\"><div class=\"heading heading-with-icon icon-left\"><a class=\"heading-link\" href=\"http:\/\/www.cmalliance.org\" target=\"_blank\" rel=\"noopener noreferrer\"><div style=\"margin-left:-32.5px;top:-80.66px;\" aria-hidden=\"true\" class=\"image\"><img decoding=\"async\" src=\"https:\/\/trinitystrasbourg.org\/wp-content\/uploads\/2017\/10\/TheAlliance.png\" width=\"65\" height=\"61.32\" alt=\"The Alliance Logo\" \/><\/div><h2 class=\"content-box-heading fusion-responsive-typography-calculated\" style=\"--h2_typography-font-size:18px;--fontSize:18;line-height:1.29;\">C&amp;MA<\/h2><\/a><\/div><div class=\"fusion-clearfix\"><\/div><div class=\"content-container\">\n<p style=\"text-align: center;\"><span style=\"font-size: 8pt;\">Christian &amp; Missionary Alliance<\/span><\/p>\n<\/div><\/div><\/div><div style=\"--awb-backgroundcolor:#f7f7f7;\" class=\"fusion-column content-box-column content-box-column content-box-column-4 col-lg-2 col-md-2 col-sm-2 fusion-content-box-hover \"><div class=\"col content-box-wrapper content-wrapper-background content-wrapper-boxed link-area-link-icon link-type-text icon-hover-animation-fade\" data-animationOffset=\"top-into-view\"><div class=\"heading heading-with-icon icon-left\"><a class=\"heading-link\" href=\"http:\/\/lecnef.org\" target=\"_blank\" rel=\"noopener noreferrer\"><div style=\"margin-left:-27.5px;top:-77.5px;\" aria-hidden=\"true\" class=\"image\"><img decoding=\"async\" src=\"https:\/\/trinitystrasbourg.org\/wp-content\/uploads\/2017\/10\/logo-cnef-2010-couleur.jpg\" width=\"55\" height=\"55\" alt=\"Logo du CNEF\" \/><\/div><h2 class=\"content-box-heading fusion-responsive-typography-calculated\" style=\"--h2_typography-font-size:18px;--fontSize:18;line-height:1.29;\">CNEF<\/h2><\/a><\/div><div class=\"fusion-clearfix\"><\/div><div class=\"content-container\">\n<p style=\"text-align: center;\"><span style=\"font-size: 8pt;\">Conseil National des \u00c9vang\u00e9liques de France<\/span><\/p>\n<\/div><\/div><\/div><div style=\"--awb-backgroundcolor:#f7f7f7;\" class=\"fusion-column content-box-column content-box-column content-box-column-5 col-lg-2 col-md-2 col-sm-2 fusion-content-box-hover \"><div class=\"col content-box-wrapper content-wrapper-background content-wrapper-boxed link-area-link-icon link-type-text icon-hover-animation-fade\" data-animationOffset=\"top-into-view\"><div class=\"heading heading-with-icon icon-left\"><a class=\"heading-link\" href=\"http:\/\/evangeliquesdubas-rhin.fr\" target=\"_blank\" rel=\"noopener noreferrer\"><div style=\"margin-left:-22.5px;top:-76.815px;\" aria-hidden=\"true\" class=\"image\"><img decoding=\"async\" src=\"https:\/\/trinitystrasbourg.org\/wp-content\/uploads\/2017\/10\/Pictogramme-Entente.jpg\" width=\"45\" height=\"53.63\" alt=\"\" \/><\/div><h2 class=\"content-box-heading fusion-responsive-typography-calculated\" style=\"--h2_typography-font-size:18px;--fontSize:18;line-height:1.29;\">L' Entente<\/h2><\/a><\/div><div class=\"fusion-clearfix\"><\/div><div class=\"content-container\">\n<p style=\"text-align: center;\"><span style=\"font-size: 8pt;\">Entente des \u00c9glises protestantes \u00c9vang\u00e9liques<\/span><\/p>\n<\/div><\/div><\/div><div style=\"--awb-backgroundcolor:#f7f7f7;\" class=\"fusion-column content-box-column content-box-column content-box-column-6 col-lg-2 col-md-2 col-sm-2 fusion-content-box-hover content-box-column-last content-box-column-last-in-row\"><div class=\"col content-box-wrapper content-wrapper-background content-wrapper-boxed link-area-link-icon link-type-text icon-hover-animation-fade\" data-animationOffset=\"top-into-view\"><div class=\"heading heading-with-icon icon-left\"><a class=\"heading-link\" href=\"http:\/\/www.reseaufef.com\" target=\"_blank\" rel=\"noopener noreferrer\"><div style=\"margin-left:-32.5px;top:-69.375px;\" aria-hidden=\"true\" class=\"image\"><img decoding=\"async\" src=\"https:\/\/trinitystrasbourg.org\/wp-content\/uploads\/2017\/10\/FEFLogo.jpg\" width=\"65\" height=\"38.75\" alt=\"FEF Logo\" \/><\/div><h2 class=\"content-box-heading fusion-responsive-typography-calculated\" style=\"--h2_typography-font-size:18px;--fontSize:18;line-height:1.29;\">R\u00e9seau FEF<\/h2><\/a><\/div><div class=\"fusion-clearfix\"><\/div><div class=\"content-container\">\n<p style=\"text-align: center;\"><span style=\"font-size: 8pt;\">R\u00e9seau Fraternel \u00c9vang\u00e9lique Fran\u00e7ais<\/span><\/p>\n<\/div><\/div><\/div><div class=\"fusion-clearfix\"><\/div><\/div><div class=\"fusion-clearfix\"><\/div><\/div><\/div><\/div><\/div><\/p>\n","protected":false},"excerpt":{"rendered":"","protected":false},"author":10,"featured_media":0,"parent":0,"menu_order":4,"comment_status":"closed","ping_status":"open","template":"100-width.php","meta":{"footnotes":""},"class_list":["post-3348","page","type-page","status-publish","hentry"],"_links":{"self":[{"href":"https:\/\/trinitystrasbourg.org\/fr\/wp-json\/wp\/v2\/pages\/3348"}],"collection":[{"href":"https:\/\/trinitystrasbourg.org\/fr\/wp-json\/wp\/v2\/pages"}],"about":[{"href":"https:\/\/trinitystrasbourg.org\/fr\/wp-json\/wp\/v2\/types\/page"}],"author":[{"embeddable":true,"href":"https:\/\/trinitystrasbourg.org\/fr\/wp-json\/wp\/v2\/users\/10"}],"replies":[{"embeddable":true,"href":"https:\/\/trinitystrasbourg.org\/fr\/wp-json\/wp\/v2\/comments?post=3348"}],"version-history":[{"count":108,"href":"https:\/\/trinitystrasbourg.org\/fr\/wp-json\/wp\/v2\/pages\/3348\/revisions"}],"predecessor-version":[{"id":7050,"href":"https:\/\/trinitystrasbourg.org\/fr\/wp-json\/wp\/v2\/pages\/3348\/revisions\/7050"}],"wp:attachment":[{"href":"https:\/\/trinitystrasbourg.org\/fr\/wp-json\/wp\/v2\/media?parent=3348"}],"curies":[{"name":"wp","href":"https:\/\/api.w.org\/{rel}","templated":true}]}}